{"id":1505,"date":"2025-03-17T17:02:47","date_gmt":"2025-03-17T14:02:47","guid":{"rendered":"https:\/\/isff.com.tr\/?page_id=1505"},"modified":"2025-03-17T17:02:47","modified_gmt":"2025-03-17T14:02:47","slug":"vira","status":"publish","type":"page","link":"https:\/\/isff.com.tr\/en\/arsiv-2025\/festival-seckisi\/vira\/","title":{"rendered":"VI\u0307RA"},"content":{"rendered":"<div class=\"row\"  id=\"row-784184551\">\n\n\n\t<div id=\"col-2005396214\" class=\"col small-12 large-12\"  >\n\t\t\t\t<div class=\"col-inner\"  >\n\t\t\t\n\t\t\t\n\n\n\t\t<\/div>\n\t\t\t\t\t<\/div>\n\n\t\n\n<\/div>\n<div class=\"container section-title-container\" ><h1 class=\"section-title section-title-center\"><b><\/b><span class=\"section-title-main\" style=\"color:rgb(0, 0, 0);\">VI\u0307RA<\/span><b><\/b><\/h1><\/div>\n\n\t<div id=\"gap-39573811\" class=\"gap-element clearfix\" style=\"display:block; height:auto;\">\n\t\t\n<style>\n#gap-39573811 {\n  padding-top: 33px;\n}\n<\/style>\n\t<\/div>\n\t\n\n<div class=\"row\"  id=\"row-530665411\">\n\n\n\t<div id=\"col-417447313\" class=\"col medium-4 small-12 large-4\"  >\n\t\t\t\t<div class=\"col-inner\"  >\n\t\t\t\n\t\t\t\n\n\t<div class=\"img has-hover x md-x lg-x y md-y lg-y\" id=\"image_2074390314\">\n\t\t\t\t\t\t\t\t<div class=\"img-inner dark\" >\n\t\t\t<img loading=\"lazy\" decoding=\"async\" width=\"571\" height=\"800\" src=\"https:\/\/isff.com.tr\/wp-content\/uploads\/2025\/03\/vira.jpeg\" class=\"attachment-original size-original\" alt=\"\" srcset=\"https:\/\/isff.com.tr\/wp-content\/uploads\/2025\/03\/vira.jpeg 571w, https:\/\/isff.com.tr\/wp-content\/uploads\/2025\/03\/vira-286x400.jpeg 286w, https:\/\/isff.com.tr\/wp-content\/uploads\/2025\/03\/vira-9x12.jpeg 9w\" sizes=\"auto, (max-width: 571px) 100vw, 571px\" \/>\t\t\t\t\t\t\n\t\t\t\t\t<\/div>\n\t\t\t\t\t\t\t\t\n<style>\n#image_2074390314 {\n  width: 100%;\n}\n<\/style>\n\t<\/div>\n\t\n\n\n\t\t<\/div>\n\t\t\t\t\t<\/div>\n\n\t\n\n\t<div id=\"col-1491879954\" class=\"col medium-8 small-12 large-8\"  >\n\t\t\t\t<div class=\"col-inner\"  >\n\t\t\t\n\t\t\t\n\n<p class=\"p1\"><b>Date: <\/b> 2024<\/p>\n<p class=\"p1\"><b>Country: <\/b>T\u00fcrkiye<\/p>\n<p class=\"p1\"><b>Project Type: <\/b>Short documentary, student<\/p>\n<p class=\"p1\"><b>Duration: <\/b>15 minutes<\/p>\n<p class=\"p1\"><b>Director: <\/b>Yavuz Selim Ta\u015fc\u0131o\u011flu<\/p>\n<p class=\"p1\"><b>Producer: <\/b>Mustafa Serdar Bo\u015f\u00e7a<\/p>\n<p class=\"p1\"><b>Senarist: <\/b>Yavuz Selim Ta\u015fc\u0131o\u011flu<\/p>\n<p class=\"p2\"><span class=\"s1\"><b>Topic:<\/b> <\/span>At the age of 13, Mustafa lost both his legs in a traffic accident, but he does not give up on life. He clings to life thanks to the sea and nature and breaks the world record for disabled free diving.<\/p>\n\n\t\t<\/div>\n\t\t\t\t\t<\/div>\n\n\t\n\n<\/div>","protected":false},"excerpt":{"rendered":"","protected":false},"author":2,"featured_media":0,"parent":1026,"menu_order":0,"comment_status":"closed","ping_status":"closed","template":"","meta":{"footnotes":""},"class_list":["post-1505","page","type-page","status-publish","hentry"],"_links":{"self":[{"href":"https:\/\/isff.com.tr\/en\/wp-json\/wp\/v2\/pages\/1505","targetHints":{"allow":["GET"]}}],"collection":[{"href":"https:\/\/isff.com.tr\/en\/wp-json\/wp\/v2\/pages"}],"about":[{"href":"https:\/\/isff.com.tr\/en\/wp-json\/wp\/v2\/types\/page"}],"author":[{"embeddable":true,"href":"https:\/\/isff.com.tr\/en\/wp-json\/wp\/v2\/users\/2"}],"replies":[{"embeddable":true,"href":"https:\/\/isff.com.tr\/en\/wp-json\/wp\/v2\/comments?post=1505"}],"version-history":[{"count":2,"href":"https:\/\/isff.com.tr\/en\/wp-json\/wp\/v2\/pages\/1505\/revisions"}],"predecessor-version":[{"id":1508,"href":"https:\/\/isff.com.tr\/en\/wp-json\/wp\/v2\/pages\/1505\/revisions\/1508"}],"up":[{"embeddable":true,"href":"https:\/\/isff.com.tr\/en\/wp-json\/wp\/v2\/pages\/1026"}],"wp:attachment":[{"href":"https:\/\/isff.com.tr\/en\/wp-json\/wp\/v2\/media?parent=1505"}],"curies":[{"name":"wp","href":"https:\/\/api.w.org\/{rel}","templated":true}]}}